{"id":240879,"date":"2019-11-14T10:50:15","date_gmt":"2019-11-14T09:50:15","guid":{"rendered":"https:\/\/blue-deco.de\/?page_id=240879"},"modified":"2019-11-15T10:13:19","modified_gmt":"2019-11-15T09:13:19","slug":"agbs","status":"publish","type":"page","link":"https:\/\/blue-deco.de\/index.php\/agbs\/","title":{"rendered":"AGB\u2019s"},"content":{"rendered":"\n\n[et_pb_section fb_built=&#8220;1&#8243; _builder_version=&#8220;4.0.6&#8243; background_enable_color=&#8220;off&#8220; background_image=&#8220;https:\/\/blue-deco.de\/wp-content\/uploads\/2019\/11\/impressum_Datenschutz.png&#8220; custom_margin=&#8220;||||false&#8220; custom_padding=&#8220;245px||245px||true|false&#8220;][\/et_pb_section][et_pb_section fb_built=&#8220;1&#8243; _builder_version=&#8220;3.29.3&#8243; custom_padding=&#8220;54px||54px||true|false&#8220;][et_pb_row _builder_version=&#8220;4.0.6&#8243;][et_pb_column type=&#8220;4_4&#8243; _builder_version=&#8220;3.29.3&#8243;][et_pb_text _builder_version=&#8220;4.0.6&#8243; text_font=&#8220;||||||||&#8220; header_font=&#8220;||||||||&#8220; header_2_font=&#8220;Rubik|700|||||||&#8220; header_2_font_size=&#8220;42px&#8220; header_2_line_height=&#8220;1.2em&#8220; header_3_font=&#8220;Montserrat|600||on|||||&#8220; header_3_text_color=&#8220;#2d2d2d&#8220; header_3_font_size=&#8220;42px&#8220; header_3_line_height=&#8220;1.2em&#8220; header_4_font=&#8220;Montserrat|600||on|||||&#8220; header_4_text_color=&#8220;#2d2d2d&#8220; header_4_font_size=&#8220;42px&#8220; header_4_line_height=&#8220;1.2em&#8220; module_alignment=&#8220;center&#8220; custom_margin=&#8220;|||&#8220; custom_padding=&#8220;|||&#8220; animation_direction=&#8220;top&#8220; hover_enabled=&#8220;0&#8243; header_2_font_size_tablet=&#8220;&#8220; header_2_font_size_phone=&#8220;36px&#8220; header_2_font_size_last_edited=&#8220;on|phone&#8220; header_3_font_size_tablet=&#8220;&#8220; header_3_font_size_phone=&#8220;36px&#8220; header_3_font_size_last_edited=&#8220;on|phone&#8220; header_4_font_size_tablet=&#8220;&#8220; header_4_font_size_phone=&#8220;36px&#8220; header_4_font_size_last_edited=&#8220;on|phone&#8220; locked=&#8220;off&#8220; text_orientation=&#8220;center&#8220;]<h4>AGB\u2019s<\/h4>\n[\/et_pb_text][et_pb_divider color=&#8220;#0000FF&#8220; divider_position=&#8220;center&#8220; divider_weight=&#8220;5px&#8220; _builder_version=&#8220;4.0.6&#8243; max_width=&#8220;50px&#8220; module_alignment=&#8220;center&#8220; min_height=&#8220;32px&#8220; custom_margin=&#8220;-38px||24px||false|false&#8220; hover_enabled=&#8220;0&#8243;][\/et_pb_divider][et_pb_text _builder_version=&#8220;4.0.6&#8243; text_font=&#8220;Montserrat|300|||||||&#8220; text_text_color=&#8220;#2d2d2d&#8220; text_font_size=&#8220;18px&#8220; text_line_height=&#8220;1.4em&#8220; header_font=&#8220;||||||||&#8220; custom_margin=&#8220;||42px&#8220; custom_padding=&#8220;|||&#8220; custom_padding_tablet=&#8220;|40px||40px||true&#8220; custom_padding_last_edited=&#8220;off|desktop&#8220; hover_enabled=&#8220;0&#8243;]<p style=\"text-align: center;\"><span style=\"text-decoration: underline;\"><strong>Allgemeine Verkaufs- und Lieferbedingungen der Firma blue-deco Werbetechnik GmbH<\/strong><\/span><\/p>\n<p style=\"text-align: center;\"><strong>\u00a7 1 <\/strong><\/p>\n<p style=\"text-align: center;\"><strong>Allgemeines \/ Ausschlie\u00dflichkeit<\/strong><\/p>\n<p>Allen unseren \u2013 auch zuk\u00fcnftigen \u2013 Lieferungen und Leistungen liegen die folgenden Verkaufs- und Lieferbedingungen zugrunde. Eigenen Bedingungen des Kunden widersprechen wir hiermit auch f\u00fcr zuk\u00fcnftige Gesch\u00e4fte. Abweichungen von diesen Bedingungen bed\u00fcrfen zur G\u00fcltigkeit f\u00fcr jedes einzelne Gesch\u00e4ft unserer schriftlichen Best\u00e4tigung. Mit Auftragserteilung erkennt der Auftraggeber diese Bedingungen als f\u00fcr die gesamte Gesch\u00e4ftsverbindung verbindlich an.<\/p>\n<p style=\"text-align: center;\"><strong><\/strong><\/p>\n<p style=\"text-align: center;\"><strong>\u00a7 2 <\/strong><\/p>\n<p style=\"text-align: center;\"><strong>Vertragsschluss, Preise, Rechnungen, Zahlung<\/strong><\/p>\n<p>Unsere Angebote sind bis zu unserer schriftlichen Best\u00e4tigung freibleibend. Der Kunde ist an seinen Auftrag zwei Wochen gebunden. Kostenvoranschl\u00e4ge sind unverbindlich, soweit schriftlich nichts anders vereinbart ist.<\/p>\n<p>Bei Fehlen einer schriftlichen Best\u00e4tigung gilt der Vertrag mit der widerspruchslosen Entgegennahme der Ware bzw. Durchf\u00fchrung der Leistung beim Kunden nach Ma\u00dfgabe der durch uns erteilten Rechnung als zustande gekommen.<\/p>\n<p>Unsere Preise verstehen sich netto, zzgl. Fracht, Verpackung und Nebenkosten und jeweils g\u00fcltiger gesetzlicher Mehrwertsteuer. Versand- und Verpackungskosten werden ggf. gesondert abgerechnet.<\/p>\n<p>Sofern nicht Preise schriftlich als Festpreise vereinbart sind, gelten unsere Preise f\u00fcr vereinbarte Liefer- bzw. Leistungszeiten bis zu 4 Monaten und f\u00fcr Lieferungen \/ Leistungen innerhalb 4 Monaten. Nach Ablauf von 4 Monaten sind wir berechtigt, die am Tag der Lieferung g\u00fcltigen Listenpreise zu berechnen.<\/p>\n<p>Unsere Rechnungen sind, soweit nichts anderes schriftlich vereinbart ist, innerhalb 30 Tagen ohne Abzug zu bezahlen.<\/p>\n<p>Bei Erstkunden behalten wir uns vor, Warenlieferungen oder Leistungen ausschlie\u00dflich gegen Vorkasse zu erbringen.<\/p>\n<p style=\"text-align: center;\"><strong><\/strong><\/p>\n<p style=\"text-align: center;\"><strong>\u00a7 3 <\/strong><\/p>\n<p style=\"text-align: center;\"><strong>Lieferung, Leistung, Verpackung<\/strong><\/p>\n<p>Wir behalten uns ausdr\u00fccklich das Recht vor, Teillieferungen und \u2013leistungen zu erbringen. Dies gilt insbesondere bei Streckengesch\u00e4ften, also Lieferungen, die unseren Betrieb nicht ber\u00fchren. Dem Kunden steht bei Teillieferung kein Recht zum R\u00fccktritt oder zur Geltendmachung von Schadenersatzanspr\u00fcchen zu.<\/p>\n<p>Lieferfristen und \u2013termine gelten als ann\u00e4hernd, es sei denn, die Termine sind schriftlich und ausdr\u00fccklich als Fixtermine zugesagt und es liegen keine St\u00f6rungen aus dem Verantwortungsbereich des Kunden oder Dritter vor.<\/p>\n<p>Die Gefahr eines Unterganges oder einer Verschlechterung der Ware oder Dienstleistungen geht bei Versandgesch\u00e4ften mit der Verladung in das Transportmittel oder \u00dcbergabe an einen zuverl\u00e4ssigen Transporteur auf den Kunden \u00fcber, bei Leistungen \/ Gewerken mit Fertigstellung.<\/p>\n<p style=\"text-align: center;\"><strong><\/strong><\/p>\n<p style=\"text-align: center;\"><strong>\u00a7 4 <\/strong><\/p>\n<p style=\"text-align: center;\"><strong>H\u00f6here Gewalt und sonstige unabwendbare Ereignisse<\/strong><\/p>\n<p>H\u00f6here Gewalt, unverschuldete Betriebsst\u00f6rungen und sonstige von uns nicht zu vertretende Umst\u00e4nde sowie alle von unserem Willen unabh\u00e4ngigen Ereignisse, die bei uns oder unseren Vorlieferanten eintreten, berechtigen uns, im Umfang und f\u00fcr die Dauer der Behinderung die Lieferung ganz oder teilweise einzustellen oder aufzuschieben.<\/p>\n<p style=\"text-align: center;\"><strong><\/strong><\/p>\n<p style=\"text-align: center;\"><strong>\u00a7 5 <\/strong><\/p>\n<p style=\"text-align: center;\"><strong>Schuldnerverzug, Aufrechnung, Zur\u00fcckbehaltungsrecht, Abtretung<\/strong><\/p>\n<p>Ab Verzugseintritt werden neben Mahnkosten Zinsen in H\u00f6he von 8 % Punkten \u00fcber dem Basiszinssatz erhoben, sofern der Kunde Kaufmann ist. Im \u00dcbrigen gilt ein Zinssatz in H\u00f6he von 5 % Punkten \u00fcber dem Basiszinssatz.<\/p>\n<p>Die Aufrechnung des Kunden ist ausgeschlossen, es sei denn, die Gegenforderung ist von uns anerkannt oder rechtsg\u00fcltig festgestellt.<\/p>\n<p>Ein Zur\u00fcckbehaltungsrecht steht dem Kunden nur wegen Anspr\u00fcchen aus demselben Vertragsverh\u00e4ltnis zu. Unter Kaufleuten ist ein Leistungsverweigerungs- oder Zur\u00fcckbehaltungsrecht gegen unsere Forderungen ausgeschlossen. Die Abtretung von Forderungen bedarf unserer vorherigen schriftlichen Zustimmung.<\/p>\n<p style=\"text-align: center;\"><strong><\/strong><\/p>\n<p style=\"text-align: center;\"><strong>\u00a7 6 <\/strong><\/p>\n<p style=\"text-align: center;\"><strong>Eigentumsvorbehalt, Sicherheiten<\/strong><\/p>\n<p>Wir behalten uns Eigentum an gelieferten Waren bis zur vollst\u00e4ndigen Zahlung des Kaufpreises oder Werklohnes einschlie\u00dflich sonstiger Forderungen aus diesem Rechtsgesch\u00e4ft vor.<\/p>\n<p>Wir sind berechtigt, f\u00fcr die ordnungsgem\u00e4\u00dfe Erf\u00fcllung der Verbindlichkeiten des Kunden Sicherheiten in ausreichender H\u00f6he und in uns gen\u00fcgender Form zu fordern.<\/p>\n<p style=\"text-align: center;\"><strong><\/strong><\/p>\n<p style=\"text-align: center;\"><strong>\u00a7 7 <\/strong><\/p>\n<p style=\"text-align: center;\"><strong>Annahmeverzug<\/strong><\/p>\n<p>Wenn der Kunde nach Ablauf einer ihm gesetzten Nachfrist die Ware oder Leistungen nicht abnimmt oder die Annahme ausdr\u00fccklich verweigert, haben wir das Recht, vom Vertrag zur\u00fcckzutreten oder Schadenersatz wegen Nichterf\u00fcllung zu verlangen. Der Erf\u00fcllungsanspruch bleibt hiervon unber\u00fchrt.<\/p>\n<p style=\"text-align: center;\"><strong><\/strong><\/p>\n<p style=\"text-align: center;\"><strong>\u00a7 8 <\/strong><\/p>\n<p style=\"text-align: center;\"><strong>M\u00e4ngelr\u00fcge, Gew\u00e4hrleistung und Haftung<\/strong><\/p>\n<p>Der Kunde ist verpflichtet, von uns gelieferte Waren oder Leistungen unverz\u00fcglich nach Anlieferung der Ware oder Fertigstellung der Leistungen zu \u00fcberpr\u00fcfen und evtl. M\u00e4ngel, Fehlmengen oder Falschlieferungen innerhalb von 5 Werktagen schriftlich oder in Textform zu r\u00fcgen.<\/p>\n<p>Bei fristgerechter und berechtigter M\u00e4ngelr\u00fcge nehmen wir unter Ausschluss sonstiger Gew\u00e4hrleistungsanspr\u00fcche auf unsere Kosten und nach unserer Wahl eine Nachbesserung oder Ersatzlieferung vor.<\/p>\n<p>Ist eine Nachbesserung \/ Nachlieferung nicht erfolgreich, so behalten wir uns eine weitere Nachbesserung \/ Nachlieferung vor.<\/p>\n<p>Wir haften uneingeschr\u00e4nkt nach den gesetzlichen Bestimmungen f\u00fcr Sch\u00e4den an Leben, K\u00f6rper und Gesundheit, die auf einer fahrl\u00e4ssigen oder vors\u00e4tzlichen Pflichtverletzung durch uns, unsere gesetzlichen Vertreter oder unsere Erf\u00fcllungsgehilfen beruhen, sowie f\u00fcr Sch\u00e4den, die von der Haftung nach dem Produkthaftungsgesetz umfasst werden, sowie f\u00fcr Sch\u00e4den, die auf vors\u00e4tzlichen oder grob fahrl\u00e4ssigen Vertragsverletzungen sowie Arglist beruhen. Im \u00dcbrigen ist die Haftung f\u00fcr Sch\u00e4den ausgeschlossen, es sei, wir h\u00e4tten eine Beschaffenheits- und \/ oder Haltbarkeitsgarantie abgegeben.<\/p>\n<p style=\"text-align: center;\"><strong><\/strong><\/p>\n<p style=\"text-align: center;\"><strong>\u00a7 9 Datenschutz<\/strong><\/p>\n<p>Im Rahmen unserer Gesch\u00e4ftsziehungen anfallende personenbezogene Daten werden von uns nach den Vorschriften des Datenschutzgesetzes gespeichert.<\/p>\n<p style=\"text-align: center;\"><strong><\/strong><\/p>\n<p style=\"text-align: center;\"><strong>\u00a7 10 Sonstiges \/ Erf\u00fcllungsort und Gerichtsstand<\/strong><\/p>\n<p>Erf\u00fcllungsort und Gerichtsstand ist, wenn der Kunde Vollkaufmann ist, Sitz unserer Gesellschaft.<\/p>\n<p>F\u00fcr jeden Vertrag und seine Durchf\u00fchrung gilt deutsches Recht.<\/p>\n<p>Sofern eine der vorstehenden Klauseln unwirksam sein sollte, bleiben die \u00fcbrigen aufrecht erhalten. Es gilt dann die gesetzliche Regelung oder dasjenige, was die Vertragsparteien vereinbart h\u00e4tten, wenn sie die die Unwirksamkeit der betreffenden Klausel bedingenden Umst\u00e4nde gekannt h\u00e4tten.<\/p>\n[\/et_pb_text][\/et_pb_column][\/et_pb_row][et_pb_row _builder_version=&#8220;4.0.6&#8243;][et_pb_column _builder_version=&#8220;4.0.6&#8243; type=&#8220;4_4&#8243;][et_pb_blurb url=&#8220;https:\/\/blue-deco.de\/wp-content\/uploads\/2019\/11\/AGB_blue_deco.pdf&#8220; use_icon=&#8220;on&#8220; font_icon=&#8220;%%266%%&#8220; icon_placement=&#8220;left&#8220; _builder_version=&#8220;4.0.6&#8243; body_font=&#8220;Montserrat|600|||||||&#8220; link_option_url=&#8220;https:\/\/blue-deco.de\/wp-content\/uploads\/2019\/11\/AGB_blue_deco.pdf&#8220; hover_enabled=&#8220;0&#8243;]<p>Allgemeine Verkaufs- und Lieferbedingungen der Firma blue-deco Werbetechnik GmbH.<\/p>[\/et_pb_blurb][\/et_pb_column][\/et_pb_row][\/et_pb_section]\n\n","protected":false},"excerpt":{"rendered":"<p>AGB\u2019s Allgemeine Verkaufs- und Lieferbedingungen der Firma blue-deco Werbetechnik GmbH \u00a7 1 Allgemeines \/ Ausschlie\u00dflichkeit Allen unseren \u2013 auch zuk\u00fcnftigen \u2013 Lieferungen und Leistungen liegen die folgenden Verkaufs- und Lieferbedingungen zugrunde. Eigenen Bedingungen des Kunden widersprechen wir hiermit auch f\u00fcr zuk\u00fcnftige Gesch\u00e4fte. Abweichungen von diesen Bedingungen bed\u00fcrfen zur G\u00fcltigkeit f\u00fcr jedes einzelne Gesch\u00e4ft unserer schriftlichen [&hellip;]<\/p>\n","protected":false},"author":1,"featured_media":0,"parent":0,"menu_order":0,"comment_status":"closed","ping_status":"closed","template":"","meta":{"_et_pb_use_builder":"on","_et_pb_old_content":"<!-- wp:divi\/placeholder \/-->","_et_gb_content_width":""},"yoast_head":"<!-- This site is optimized with the Yoast SEO plugin v17.6 - https:\/\/yoast.com\/wordpress\/plugins\/seo\/ -->\n<title>AGB\u00b4s | blue-deco Werbetechnik GmbH<\/title>\n<meta name=\"description\" content=\"AGB\u00b4s\" \/>\n<meta name=\"robots\" content=\"index, follow, max-snippet:-1, max-image-preview:large, max-video-preview:-1\" \/>\n<link rel=\"canonical\" href=\"https:\/\/blue-deco.de\/index.php\/agbs\/\" \/>\n<meta property=\"og:locale\" content=\"de_DE\" \/>\n<meta property=\"og:type\" content=\"article\" \/>\n<meta property=\"og:title\" content=\"AGB\u00b4s | blue-deco Werbetechnik GmbH\" \/>\n<meta property=\"og:description\" content=\"AGB\u00b4s\" \/>\n<meta property=\"og:url\" content=\"https:\/\/blue-deco.de\/index.php\/agbs\/\" \/>\n<meta property=\"og:site_name\" content=\"blue-deco Werbetechnik GmbH\" \/>\n<meta property=\"article:publisher\" content=\"https:\/\/www.facebook.com\/bluedeco.werbetechnik\" \/>\n<meta property=\"article:modified_time\" content=\"2019-11-15T09:13:19+00:00\" \/>\n<meta name=\"twitter:card\" content=\"summary_large_image\" \/>\n<meta name=\"twitter:label1\" content=\"Gesch\u00e4tzte Lesezeit\" \/>\n\t<meta name=\"twitter:data1\" content=\"6\u00a0Minuten\" \/>\n<script type=\"application\/ld+json\" class=\"yoast-schema-graph\">{\"@context\":\"https:\/\/schema.org\",\"@graph\":[{\"@type\":\"WebSite\",\"@id\":\"https:\/\/blue-deco.de\/#website\",\"url\":\"https:\/\/blue-deco.de\/\",\"name\":\"blue-deco Werbetechnik GmbH\",\"description\":\"Ihr Partner f\\u00fcr Werbetechnik &amp; Gro\\u00dfbildkommunikation mit Sitz in Schwerte\",\"potentialAction\":[{\"@type\":\"SearchAction\",\"target\":{\"@type\":\"EntryPoint\",\"urlTemplate\":\"https:\/\/blue-deco.de\/?s={search_term_string}\"},\"query-input\":\"required name=search_term_string\"}],\"inLanguage\":\"de\"},{\"@type\":\"WebPage\",\"@id\":\"https:\/\/blue-deco.de\/index.php\/agbs\/#webpage\",\"url\":\"https:\/\/blue-deco.de\/index.php\/agbs\/\",\"name\":\"AGB\\u00b4s | blue-deco Werbetechnik GmbH\",\"isPartOf\":{\"@id\":\"https:\/\/blue-deco.de\/#website\"},\"datePublished\":\"2019-11-14T09:50:15+00:00\",\"dateModified\":\"2019-11-15T09:13:19+00:00\",\"description\":\"AGB\\u00b4s\",\"breadcrumb\":{\"@id\":\"https:\/\/blue-deco.de\/index.php\/agbs\/#breadcrumb\"},\"inLanguage\":\"de\",\"potentialAction\":[{\"@type\":\"ReadAction\",\"target\":[\"https:\/\/blue-deco.de\/index.php\/agbs\/\"]}]},{\"@type\":\"BreadcrumbList\",\"@id\":\"https:\/\/blue-deco.de\/index.php\/agbs\/#breadcrumb\",\"itemListElement\":[{\"@type\":\"ListItem\",\"position\":1,\"name\":\"Startseite\",\"item\":\"https:\/\/blue-deco.de\/\"},{\"@type\":\"ListItem\",\"position\":2,\"name\":\"AGB\\u2019s\"}]}]}<\/script>\n<!-- \/ Yoast SEO plugin. -->","yoast_head_json":{"title":"AGB\u00b4s | blue-deco Werbetechnik GmbH","description":"AGB\u00b4s","robots":{"index":"index","follow":"follow","max-snippet":"max-snippet:-1","max-image-preview":"max-image-preview:large","max-video-preview":"max-video-preview:-1"},"canonical":"https:\/\/blue-deco.de\/index.php\/agbs\/","og_locale":"de_DE","og_type":"article","og_title":"AGB\u00b4s | blue-deco Werbetechnik GmbH","og_description":"AGB\u00b4s","og_url":"https:\/\/blue-deco.de\/index.php\/agbs\/","og_site_name":"blue-deco Werbetechnik GmbH","article_publisher":"https:\/\/www.facebook.com\/bluedeco.werbetechnik","article_modified_time":"2019-11-15T09:13:19+00:00","twitter_card":"summary_large_image","twitter_misc":{"Gesch\u00e4tzte Lesezeit":"6\u00a0Minuten"},"schema":{"@context":"https:\/\/schema.org","@graph":[{"@type":"WebSite","@id":"https:\/\/blue-deco.de\/#website","url":"https:\/\/blue-deco.de\/","name":"blue-deco Werbetechnik GmbH","description":"Ihr Partner f\u00fcr Werbetechnik &amp; Gro\u00dfbildkommunikation mit Sitz in Schwerte","potentialAction":[{"@type":"SearchAction","target":{"@type":"EntryPoint","urlTemplate":"https:\/\/blue-deco.de\/?s={search_term_string}"},"query-input":"required name=search_term_string"}],"inLanguage":"de"},{"@type":"WebPage","@id":"https:\/\/blue-deco.de\/index.php\/agbs\/#webpage","url":"https:\/\/blue-deco.de\/index.php\/agbs\/","name":"AGB\u00b4s | blue-deco Werbetechnik GmbH","isPartOf":{"@id":"https:\/\/blue-deco.de\/#website"},"datePublished":"2019-11-14T09:50:15+00:00","dateModified":"2019-11-15T09:13:19+00:00","description":"AGB\u00b4s","breadcrumb":{"@id":"https:\/\/blue-deco.de\/index.php\/agbs\/#breadcrumb"},"inLanguage":"de","potentialAction":[{"@type":"ReadAction","target":["https:\/\/blue-deco.de\/index.php\/agbs\/"]}]},{"@type":"BreadcrumbList","@id":"https:\/\/blue-deco.de\/index.php\/agbs\/#breadcrumb","itemListElement":[{"@type":"ListItem","position":1,"name":"Startseite","item":"https:\/\/blue-deco.de\/"},{"@type":"ListItem","position":2,"name":"AGB\u2019s"}]}]}},"_links":{"self":[{"href":"https:\/\/blue-deco.de\/index.php\/wp-json\/wp\/v2\/pages\/240879"}],"collection":[{"href":"https:\/\/blue-deco.de\/index.php\/wp-json\/wp\/v2\/pages"}],"about":[{"href":"https:\/\/blue-deco.de\/index.php\/wp-json\/wp\/v2\/types\/page"}],"author":[{"embeddable":true,"href":"https:\/\/blue-deco.de\/index.php\/wp-json\/wp\/v2\/users\/1"}],"replies":[{"embeddable":true,"href":"https:\/\/blue-deco.de\/index.php\/wp-json\/wp\/v2\/comments?post=240879"}],"version-history":[{"count":7,"href":"https:\/\/blue-deco.de\/index.php\/wp-json\/wp\/v2\/pages\/240879\/revisions"}],"predecessor-version":[{"id":240890,"href":"https:\/\/blue-deco.de\/index.php\/wp-json\/wp\/v2\/pages\/240879\/revisions\/240890"}],"wp:attachment":[{"href":"https:\/\/blue-deco.de\/index.php\/wp-json\/wp\/v2\/media?parent=240879"}],"curies":[{"name":"wp","href":"https:\/\/api.w.org\/{rel}","templated":true}]}}